{"id":7207,"date":"2025-12-12T10:54:34","date_gmt":"2025-12-12T10:54:34","guid":{"rendered":"https:\/\/k3fashionsolutions.com\/?post_type=knowledge&#038;p=7207"},"modified":"2026-04-23T22:06:30","modified_gmt":"2026-04-23T21:06:30","slug":"la-seconda-ondata-di-sostenibilita-perche-il-ritorno-alla-responsabilita-nel-mondo-della-moda-ha-un-sapore-diverso","status":"publish","type":"knowledge","link":"https:\/\/k3fashionsolutions.com\/it\/centro-di-conoscenza\/la-seconda-ondata-di-sostenibilita-perche-il-ritorno-alla-responsabilita-nel-mondo-della-moda-ha-un-sapore-diverso\/","title":{"rendered":"La seconda ondata di sostenibilit\u00e0: perch\u00e9 il ritorno alla responsabilit\u00e0 nel mondo della moda ha un sapore diverso"},"content":{"rendered":"\n<style type=\"text\/css\" data-created_by=\"avia_inline_auto\" id=\"style-css-av-mj2qld7d-b247923ad93a296b85d5d52e8c151123\">\n.avia-section.av-mj2qld7d-b247923ad93a296b85d5d52e8c151123{\nbackground-color:#1e1e46;\nbackground-image:url(https:\/\/k3fashionsolutions.com\/wp-content\/uploads\/2025\/12\/sustainabilitys-second-wind-hero.jpg);\nbackground-repeat:no-repeat;\nbackground-position:50% 50%;\nbackground-attachment:scroll;\nposition:relative;\n}\n.avia-section.av-mj2qld7d-b247923ad93a296b85d5d52e8c151123 .avia-divider-svg-bottom svg{\nheight:auto;\nmax-height:200px;\nfill:#ffffff;\n}\n<\/style>\n<div id='av_section_1'  class='avia-section av-mj2qld7d-b247923ad93a296b85d5d52e8c151123 main_color avia-section-default avia-no-border-styling  avia-builder-el-0  el_before_av_section  avia-builder-el-first  tj-con tjhp-hs avia-full-stretch avia-bg-style-scroll container_wrap fullsize'  data-section-bg-repeat='stretch'><div class='avia-divider-svg avia-divider-svg-tilt avia-divider-svg-bottom avia-flipped-svg avia-to-front avia-svg-original'><svg xmlns=\"http:\/\/www.w3.org\/2000\/svg\" viewBox=\"0 0 1000 100\" preserveAspectRatio=\"none\">\n\t<path d=\"M0,6V0h1000v100L0,6z\"\/>\n<\/svg><\/div><div class='container av-section-cont-open' ><main  role=\"main\" itemprop=\"mainContentOfPage\"  class='template-page content  av-content-full alpha units'><div class='post-entry post-entry-type-page post-entry-7207'><div class='entry-content-wrapper clearfix'>\n<div  class='av-post-metadata-container av-1s07pq-7299ccc53f75840667fe63e82660173e av-metadata-container-align-left  avia-builder-el-1  el_before_av_textblock  avia-builder-el-first  av-metadata-container-1'><div class='av-post-metadata-container-inner'><span class=\"av-post-metadata-content av-post-metadata-meta-content\"><span class=\"av-post-metadata-content av-post-metadata-category\"><span class=\"av-metadata-before av-metadata-before-categories\">In<\/span><span class=\"av-post-metadata-category-link\" ><a href=\"https:\/\/k3fashionsolutions.com\/it\/category\/articoli\/\" >Articoli<\/a><\/span><\/span><span class=\"av-post-metadata-content av-post-metadata-separator\"> | <\/span><span class=\"av-post-metadata-content av-post-metadata-modified\"><span class=\"av-metadata-before av-metadata-before-modified\">Updated on<\/span><span class=\"av-post-metadata-modified-date\" >23 Aprile 2026<\/span><\/span><\/span><\/div><\/div>\n<section  class='av_textblock_section av-mj2qk8qc-11c29c46c08eac0b0a5b7f6e5cf1a710 '   itemscope=\"itemscope\" itemtype=\"https:\/\/schema.org\/CreativeWork\" ><div class='avia_textblock'  itemprop=\"text\" ><h1>La seconda ondata di sostenibilit\u00e0: perch\u00e9 il ritorno alla responsabilit\u00e0 nel mondo della moda ha un sapore diverso<\/h1>\n<\/div><\/section>\n\n<style type=\"text\/css\" data-created_by=\"avia_inline_auto\" id=\"style-css-av-mj2ql1cn-9ead440bdb3721c41effd7216bb584bd\">\n.avia-image-container.av-mj2ql1cn-9ead440bdb3721c41effd7216bb584bd img.avia_image{\nbox-shadow:none;\n}\n.avia-image-container.av-mj2ql1cn-9ead440bdb3721c41effd7216bb584bd .av-image-caption-overlay-center{\ncolor:#ffffff;\n}\n<\/style>\n<div  class='avia-image-container av-mj2ql1cn-9ead440bdb3721c41effd7216bb584bd av-styling- avia-align-center  avia-builder-el-3  el_after_av_textblock  avia-builder-el-last  tj-blog av-parallax-object' data-parallax=\"{&quot;parallax&quot;:&quot;bottom_top&quot;,&quot;parallax_speed&quot;:&quot;30&quot;,&quot;av-desktop-parallax&quot;:&quot;inherit&quot;,&quot;av-desktop-parallax_speed&quot;:&quot;inherit&quot;,&quot;av-medium-parallax&quot;:&quot;inherit&quot;,&quot;av-medium-parallax_speed&quot;:&quot;inherit&quot;,&quot;av-small-parallax&quot;:&quot;inherit&quot;,&quot;av-small-parallax_speed&quot;:&quot;inherit&quot;,&quot;av-mini-parallax&quot;:&quot;inherit&quot;,&quot;av-mini-parallax_speed&quot;:&quot;inherit&quot;,&quot;parallax-container&quot;:&quot;.av-mj2ql1cn-9ead440bdb3721c41effd7216bb584bd&quot;,&quot;parallax-selector&quot;:&quot;.avia-image-container-inner&quot;}\"  itemprop=\"image\" itemscope=\"itemscope\" itemtype=\"https:\/\/schema.org\/ImageObject\" ><div class=\"avia-image-container-inner\"><div class=\"avia-image-overlay-wrap\"><img decoding=\"async\" fetchpriority=\"high\" class='wp-image-7208 avia-img-lazy-loading-not-7208 avia_image ' src=\"https:\/\/k3fashionsolutions.com\/wp-content\/uploads\/2025\/12\/sustainabilitys-second-wind-featured.jpg\" alt='Sustainability\u2019s second wind: Why fashion\u2019s return to responsibility feels different article header' title='Sustainability\u2019s second wind: Why fashion\u2019s return to responsibility feels different'  height=\"510\" width=\"900\"  itemprop=\"thumbnailUrl\" srcset=\"https:\/\/k3fashionsolutions.com\/wp-content\/uploads\/2025\/12\/sustainabilitys-second-wind-featured.jpg 900w, https:\/\/k3fashionsolutions.com\/wp-content\/uploads\/2025\/12\/sustainabilitys-second-wind-featured-300x170.jpg 300w, https:\/\/k3fashionsolutions.com\/wp-content\/uploads\/2025\/12\/sustainabilitys-second-wind-featured-768x435.jpg 768w, https:\/\/k3fashionsolutions.com\/wp-content\/uploads\/2025\/12\/sustainabilitys-second-wind-featured-705x400.jpg 705w\" sizes=\"(max-width: 900px) 100vw, 900px\" \/><\/div><\/div><\/div>\n<\/div><\/div><\/main><!-- close content main element --><\/div><\/div>\n<style type=\"text\/css\" data-created_by=\"avia_inline_auto\" id=\"style-css-av-axc4zi-f8f11f8c40480b69214c2d4aaa2a7aff\">\n.avia-section.av-axc4zi-f8f11f8c40480b69214c2d4aaa2a7aff{\nposition:relative;\n}\n.avia-section.av-axc4zi-f8f11f8c40480b69214c2d4aaa2a7aff .avia-divider-svg-bottom svg{\nheight:auto;\nmax-height:200px;\nfill:#f8f8f8;\n}\n<\/style>\n<div id='av_section_2'  class='avia-section av-axc4zi-f8f11f8c40480b69214c2d4aaa2a7aff main_color avia-section-default avia-no-border-styling  avia-builder-el-4  el_after_av_section  el_before_av_section  tj-con avia-bg-style-scroll container_wrap fullsize'  ><div class='avia-divider-svg avia-divider-svg-tilt avia-divider-svg-bottom avia-flipped-svg avia-svg-original'><svg xmlns=\"http:\/\/www.w3.org\/2000\/svg\" viewBox=\"0 0 1000 100\" preserveAspectRatio=\"none\">\n\t<path d=\"M0,6V0h1000v100L0,6z\"\/>\n<\/svg><\/div><div class='container av-section-cont-open' ><div class='template-page content  av-content-full alpha units'><div class='post-entry post-entry-type-page post-entry-7207'><div class='entry-content-wrapper clearfix'>\n<section  class='av_textblock_section av-8up0vi-5caf46eac126dbc24b9e06bdbdc0d83e '   itemscope=\"itemscope\" itemtype=\"https:\/\/schema.org\/CreativeWork\" ><div class='avia_textblock'  itemprop=\"text\" ><p>Da oltre un decennio, il problema della sostenibilit\u00e0 nella moda \u00e8 inquadrato dalle stesse dure verit\u00e0: sovrapproduzione, discariche stracolme, catene di approvvigionamento cos\u00ec opache da nascondere un piccolo paese e un&#8217;impronta di rifiuti globale tale da riempire il porto di Sydney anno dopo anno.<\/p>\n<p>Eppure, solo pochi anni fa i remi imboccavano una rotta che sembrava irreversibile.<\/p>\n<p>La sostenibilit\u00e0 era una priorit\u00e0 assoluta per tutti. Consumatori e governi esercitavano una forte pressione in tal senso. Ma poi, improvvisamente, \u00e8 scivolata in fondo alle agende globali con l&#8217;impatto della pandemia e delle crisi geopolitiche. La CSR e l&#8217;ESG sono quasi diventate questioni secondarie.<\/p>\n<p>Tuttavia, con l&#8217;avvicinarsi del 2026, la sostenibilit\u00e0 sta riemergendo in un modo che si percepisce in maniera diversa.<\/p>\n<h2>Il ritorno della sostenibilit\u00e0 sembra familiare&#8230; ma le motivazioni no<\/h2>\n<p>Il rinnovato interesse non \u00e8 dovuto unicamente a una nuova ondata di ambientalismo dilagante. C&#8217;\u00e8 qualcosa di pi\u00f9 pragmatico in gioco. I consumatori stanno nuovamente valutando longevit\u00e0 e durata, ma ora il ragionamento \u00e8 legato tanto al valore quanto all&#8217;etica.<\/p>\n<p>La pressione sui prezzi ha spinto le persone a pretendere di pi\u00f9 da ci\u00f2 che acquistano e, parallelamente, il pendolo culturale della moda \u00e8 tornato a oscillare verso il significato e l&#8217;intenzione dopo un decennio dominato dalla velocit\u00e0 e dalla crescita a tutti i costi. L&#8217;atmosfera \u00e8 cambiata.<\/p>\n<p>Le persone desiderano prodotti che mantengano la loro forma, il loro significato e il loro valore.<\/p>\n<p>Questa combinazione di pressioni finanziarie, ricalibrazione culturale e necessit\u00e0 ambientali sta dando nuovo slancio alla sostenibilit\u00e0. I \u200b\u200bprincipi non sono cambiati, ma gli incentivi s\u00ec.<\/p>\n<p>Questo cambiamento \u00e8 forse pi\u00f9 evidente nel settore della rivendita.<\/p>\n<p>Secondo McKinsey , il mercato della moda di seconda mano \u00e8 destinato a crescere da due a tre volte pi\u00f9 velocemente rispetto al mercato primario entro il 2027, spinto dai clienti alla ricerca di un buon rapporto qualit\u00e0-prezzo senza rinunciare all&#8217;espressione di s\u00e9 o alla qualit\u00e0.<\/p>\n<p>Un tempo la rivendita era vista con sospetto o considerata una novit\u00e0, mentre ora \u00e8 diventata la norma.<\/p>\n<p>Il 59% dei consumatori afferma che si rivolger\u00e0 all&#8217;usato se i dazi doganali aumenteranno ulteriormente, eppure oltre il 60% continuerebbe a fare acquisti di seconda mano anche se il proprio budget migliorasse. Questo \u00e8 un dettaglio importante. Conferma che la crescita del mercato dell&#8217;usato non \u00e8 una semplice reazione alle difficolt\u00e0 economiche.<\/p>\n<p>Le persone apprezzano la caccia, l&#8217;accesso e il senso di partecipazione a un ecosistema circolare che percepiscono come personale piuttosto che come una mera esibizione. Non si tratta tanto di ostentazione di virt\u00f9 e indignazione per gli sprechi della moda, quanto piuttosto di un coinvolgimento significativo in linea con i loro valori.<\/p>\n<p>Il vantaggio finanziario accresce l&#8217;attrattiva.<\/p>\n<p>Alcuni articoli aumentano di valore, come si vede con la borsa Arcadie di Miu Miu o la collezione Alhambra di Van Cleef &amp; Arpels. Questa logica, in definitiva, si rafforza a vicenda: le persone spendono meno, mantengono gli oggetti in circolazione pi\u00f9 a lungo e possono potenzialmente rivenderli realizzando un profitto.<\/p>\n<p>In quest&#8217;ottica, la sostenibilit\u00e0 non \u00e8 un sacrificio, bens\u00ec un modo pi\u00f9 intelligente di rapportarsi alla moda.<\/p>\n<h2>La Patagonia come esempio di cosa significhi perseverare<\/h2>\n<p>Patagonia si \u00e8 distinta dalla massa dopo la pubblicazione del suo rapporto sui progressi del 2025 grazie al suo approccio coerente e innovativo alla sostenibilit\u00e0. &#8220;Innovativo&#8221; potrebbe sembrare un termine azzardato, dato che Patagonia ha mantenuto la stessa posizione sin dal suo lancio. Eppure, si \u00e8 distinta nettamente dalla concorrenza.<\/p>\n<p>Il rapporto ha confermato ci\u00f2 che il marchio ha sempre privilegiato, ovvero la durabilit\u00e0, la riparabilit\u00e0, l&#8217;integrit\u00e0 dei materiali e la responsabilit\u00e0 ambientale come parte integrante dell&#8217;attivit\u00e0 quotidiana.<\/p>\n<p>Si tratta di un ottimo caso di studio che mostra cosa significhi un impegno a lungo termine quando \u00e8 integrato nella progettazione del prodotto, nelle decisioni relative alla catena di fornitura e nel comportamento organizzativo. Va tuttavia sottolineato che, sebbene tutti i marchi potrebbero fare di meglio, Patagonia rappresenta un&#8217;eccezione, non la norma.<\/p>\n<p>A causa della continua corsa al ribasso nel settore della moda, con la delocalizzazione della manodopera e l&#8217;approvvigionamento in paesi lontani per ridurre i costi, i marchi odierni si trovano spesso ad affrontare sfide significative nelle loro catene di approvvigionamento.<\/p>\n<p>Tra molteplici livelli di catena di fornitura, documentazione incoerente e scarsi incentivi per i partner a monte a divulgare pi\u00f9 informazioni di quanto strettamente necessario, i marchi, il pi\u00f9 delle volte, non sono in grado di tracciare tutti i propri materiali dall&#8217;inizio alla fine.<\/p>\n<p>Questa opacit\u00e0 \u00e8 uno dei pi\u00f9 antichi ostacoli alla sostenibilit\u00e0 nella moda. Non \u00e8 possibile suffragare le affermazioni, verificare o persino migliorare il profilo etico o ambientale di qualcosa che non si pu\u00f2 vedere.<\/p>\n<p>Con le nuove normative UE che puntano all&#8217;introduzione di passaporti obbligatori per i prodotti e a regole di trasparenza pi\u00f9 rigorose, la storica opacit\u00e0 del settore sta diventando sempre pi\u00f9 insostenibile.<\/p>\n<p>L&#8217;esempio di Patagonia dimostra cosa sia possibile realizzare quando si adotta la giusta mentalit\u00e0 fin dall&#8217;inizio, ma per la maggior parte del settore non \u00e8 fattibile rivoluzionare e ricostruire completamente le proprie attivit\u00e0 in questo modo. Non \u00e8 economicamente vantaggioso, quindi non accadr\u00e0, a prescindere da considerazioni etiche o morali.<\/p>\n<h2>La realt\u00e0 operativa dietro la rinascita della sostenibilit\u00e0<\/h2>\n<p>Per il resto del settore, il percorso \u00e8 meno lineare. \u00c8 qui che la seconda ondata di sostenibilit\u00e0 diventa molto pi\u00f9 operativa che ideologica. Se la rivendibilit\u00e0, la longevit\u00e0 e la durabilit\u00e0 rimangono comportamenti prevalenti, i marchi hanno bisogno di un&#8217;infrastruttura che li supporti.<\/p>\n<p>La rivendita ne \u00e8 un perfetto esempio, soprattutto per gli articoli di lusso. Non \u00e8 possibile verificarne l&#8217;autenticit\u00e0 su larga scala senza dati di prodotto strutturati e una tracciabilit\u00e0 dettagliata del ciclo di vita. N\u00e9 \u00e8 possibile garantirne la provenienza senza una qualche forma di serializzazione.<\/p>\n<p>Allo stesso modo, non \u00e8 possibile estendere significativamente il ciclo di vita di un capo senza specifiche chiare, materiali, certificazioni e requisiti di cura che lo accompagnino attraverso sistemi, partner e aree geografiche diverse.<\/p>\n<p>Lo stesso vale per le affermazioni relative all&#8217;approvvigionamento etico o all&#8217;impatto dei materiali. I marchi necessitano di metadati a livello di singolo articolo che siano coerenti, verificabili e collegati direttamente ai fornitori e alle materie prime.<\/p>\n<p>\u00c8 qui che entrano in gioco i framework strutturati per la CSR. Classificazioni, certificazioni e documentazione di supporto portano la tracciabilit\u00e0 fuori dalle caselle di posta elettronica, dai fogli di calcolo e dagli strumenti obsoleti, in un unico ambiente dove i team possono effettivamente comprendere l&#8217;impatto sociale e ambientale.<\/p>\n<p>Analogamente, i passaporti digitali dei prodotti acquisiranno sempre maggiore importanza, poich\u00e9 i marchi cercheranno di tracciare pi\u00f9 accuratamente i propri materiali e prodotti per migliorare la trasparenza e la provenienza.<\/p>\n<p>Microsoft Dynamics 365 Finance and Supply Chain Management offre gi\u00e0 il supporto per la serializzazione, utile alle aziende in questo ambito, e numerosi fornitori di soluzioni specifiche per il settore della moda, tra cui K3 Fashion Solutions, estendono questa funzionalit\u00e0 all&#8217;abbigliamento e ai tessuti.<\/p>\n<p>\u00c8 importante sottolineare, tuttavia, che nessuno di questi strumenti risolve da solo la sovrapproduzione e gli sprechi. Ma rendono possibili i progressi, sostituendo l&#8217;opacit\u00e0 con la chiarezza.<\/p>\n<h2>Perch\u00e9 questo momento sembra diverso<\/h2>\n<p>La sostenibilit\u00e0 non viene pi\u00f9 promossa esclusivamente dalla legislazione o dalle proteste dei consumatori. Il suo slancio deriva ora dalla partecipazione attiva delle persone alla rivendita, il che significa che i marchi hanno un incentivo commerciale (non legislativo) a impegnarsi maggiormente.<\/p>\n<p>Ci\u00f2 non significa che i marchi abbiano fatto bene a trascurare la sostenibilit\u00e0, ma il risultato finale \u00e8 comunque positivo. Finch\u00e9 questi nuovi comportamenti dei consumatori persisteranno, ci sono concrete possibilit\u00e0 che l&#8217;intero settore compia progressi significativi.<\/p>\n<p>Per i marchi di moda, questo crea un mandato di tipo diverso. Anzich\u00e9 essere una mera operazione di comunicazione, la sostenibilit\u00e0 deve essere costruita attraverso dati, tracciabilit\u00e0, conoscenza approfondita dei materiali e allineamento della catena di fornitura.<\/p>\n<p>Tuttavia, le difficolt\u00e0 persisteranno. I fornitori e le fabbriche nei paesi remoti hanno ancora pochi incentivi a impegnarsi in tali iniziative, ma questo \u00e8 un problema che affronteremo in un&#8217;altra occasione.<\/p>\n<p>Qualsiasi cambiamento positivo \u00e8 meglio di nessun cambiamento.<\/p>\n<p>Se hai trovato interessante questo articolo e desideri saperne di pi\u00f9 sulle opzioni a tua disposizione, come ad esempio un modulo di Responsabilit\u00e0 Sociale d&#8217;Impresa (CSR), puoi <a href=\"https:\/\/k3fashionsolutions.com\/it\/contattaci\/\" rel=\"\">contattarci<\/a> per una chiacchierata senza impegno su come possiamo aiutarti.<\/p>\n<\/div><\/section>\n\n<style type=\"text\/css\" data-created_by=\"avia_inline_auto\" id=\"style-css-av-7pgr8e-3567d0c73fd51754bbca6ab9d22ca53a\">\n#top .hr.hr-invisible.av-7pgr8e-3567d0c73fd51754bbca6ab9d22ca53a{\nheight:150px;\n}\n<\/style>\n<div  class='hr av-7pgr8e-3567d0c73fd51754bbca6ab9d22ca53a hr-invisible  avia-builder-el-6  el_after_av_textblock  avia-builder-el-last '><span class='hr-inner '><span class=\"hr-inner-style\"><\/span><\/span><\/div>\n<\/div><\/div><\/div><!-- close content main div --><\/div><\/div>\n<style type=\"text\/css\" data-created_by=\"avia_inline_auto\" id=\"style-css-av-5ykb66-083a909753ce072cc6f0bdece1807eda\">\n.avia-section.av-5ykb66-083a909753ce072cc6f0bdece1807eda{\nbackground-color:#f8f8f8;\nbackground-image:unset;\nposition:relative;\n}\n.avia-section.av-5ykb66-083a909753ce072cc6f0bdece1807eda .avia-divider-svg-bottom svg{\nheight:auto;\nmax-height:200px;\nfill:#1e1e46;\n}\n<\/style>\n<div id='av_section_3'  class='avia-section av-5ykb66-083a909753ce072cc6f0bdece1807eda main_color avia-section-default avia-no-border-styling  avia-builder-el-7  el_after_av_section  avia-builder-el-last  avia-bg-style-scroll container_wrap fullsize'  ><div class='avia-divider-svg avia-divider-svg-tilt avia-divider-svg-bottom avia-flipped-svg avia-svg-original'><svg xmlns=\"http:\/\/www.w3.org\/2000\/svg\" viewBox=\"0 0 1000 100\" preserveAspectRatio=\"none\">\n\t<path d=\"M0,6V0h1000v100L0,6z\"\/>\n<\/svg><\/div><div class='container av-section-cont-open' ><div class='template-page content  av-content-full alpha units'><div class='post-entry post-entry-type-page post-entry-7207'><div class='entry-content-wrapper clearfix'>\n\n<style type=\"text\/css\" data-created_by=\"avia_inline_auto\" id=\"style-css-av-4d89m6-deb7d45f7cc9f23954d9c9b5c417a7d3\">\n#top .av_textblock_section.av-4d89m6-deb7d45f7cc9f23954d9c9b5c417a7d3 .avia_textblock{\nfont-size:38px;\ncolor:#1e1e46;\ntext-align:center;\n}\n<\/style>\n<section  class='av_textblock_section av-4d89m6-deb7d45f7cc9f23954d9c9b5c417a7d3 '   itemscope=\"itemscope\" itemtype=\"https:\/\/schema.org\/CreativeWork\" ><div class='avia_textblock av_inherit_color'  itemprop=\"text\" ><h2 style=\"font-size: 38px; text-align: center;\">Risorse utili<\/h2>\n<\/div><\/section>\n<div  data-slideshow-options=\"{&quot;animation&quot;:&quot;fade&quot;,&quot;autoplay&quot;:false,&quot;loop_autoplay&quot;:&quot;once&quot;,&quot;interval&quot;:5,&quot;loop_manual&quot;:&quot;manual-endless&quot;,&quot;autoplay_stopper&quot;:false,&quot;noNavigation&quot;:false,&quot;show_slide_delay&quot;:90}\" class='avia-content-slider avia-content-grid-active avia-content-slider1 avia-content-slider-odd  avia-builder-el-9  el_after_av_textblock  avia-builder-el-last  tjcbp av-slideshow-ui av-control-default   av-no-slider-navigation av-slideshow-manual av-loop-once av-loop-manual-endless '  itemscope=\"itemscope\" itemtype=\"https:\/\/schema.org\/Blog\" ><div class=\"avia-content-slider-inner\"><div class=\"slide-entry-wrap\"><article class='slide-entry flex_column  post-entry post-entry-7235 slide-entry-overview slide-loop-1 slide-parity-odd  av_one_third first real-thumbnail posttype-knowledge post-format-standard'  itemscope=\"itemscope\" itemtype=\"https:\/\/schema.org\/CreativeWork\" ><a href='https:\/\/k3fashionsolutions.com\/it\/centro-di-conoscenza\/come-il-giusto-sistema-erp-consentira-ai-marchi-di-abbigliamento-outdoor-e-athleisure-di-sfruttare-al-meglio-i-tessuti-intelligenti\/' data-rel='slide-1' class='slide-image' title='Come il giusto sistema ERP consentir\u00e0 ai marchi di abbigliamento outdoor e athleisure di sfruttare al meglio i tessuti intelligenti'><img decoding=\"async\" fetchpriority=\"high\" width=\"495\" height=\"400\" src=\"https:\/\/k3fashionsolutions.com\/wp-content\/uploads\/2024\/10\/smart-fabrics-featured-495x400.jpg\" class=\"wp-image-7236 avia-img-lazy-loading-not-7236 attachment-portfolio size-portfolio wp-post-image\" alt=\"How the right ERP will allow outdoor and athleisure brands to leverage smart fabrics blog header\" \/><\/a><div class=\"slide-content\"><header class=\"entry-content-header\" aria-label=\"Diapositiva: Come il giusto sistema ERP consentir\u00e0 ai marchi di abbigliamento outdoor e athleisure di sfruttare al meglio i tessuti intelligenti\"><span class=\"blog-categories minor-meta\"><a href=\"https:\/\/k3fashionsolutions.com\/it\/category\/articoli\/\" rel=\"tag\">Articoli<\/a>  <\/span><h3 class='slide-entry-title entry-title '  itemprop=\"headline\" ><a href='https:\/\/k3fashionsolutions.com\/it\/centro-di-conoscenza\/come-il-giusto-sistema-erp-consentira-ai-marchi-di-abbigliamento-outdoor-e-athleisure-di-sfruttare-al-meglio-i-tessuti-intelligenti\/' title='Come il giusto sistema ERP consentir\u00e0 ai marchi di abbigliamento outdoor e athleisure di sfruttare al meglio i tessuti intelligenti'>Come il giusto sistema ERP consentir\u00e0 ai marchi di abbigliamento outdoor e athleisure di sfruttare al meglio i tessuti intelligenti<\/a><\/h3><span class=\"av-vertical-delimiter\"><\/span><\/header><div class='slide-entry-excerpt entry-content'  itemprop=\"text\" >In questo articolo esaminiamo come i nostri marchi di abbigliamento outdoor e athleisure possono integrare tessuti intelligenti nei loro prodotti con la giusta soluzione ERP.<div class=\"read-more-link\"><a href=\"https:\/\/k3fashionsolutions.com\/it\/centro-di-conoscenza\/come-il-giusto-sistema-erp-consentira-ai-marchi-di-abbigliamento-outdoor-e-athleisure-di-sfruttare-al-meglio-i-tessuti-intelligenti\/\" class=\"more-link\">Leggi tutto<span class=\"more-link-arrow\"><\/span><\/a><\/div><\/div><\/div><footer class=\"entry-footer\"><div class=\"slide-meta\"><time class='slide-meta-time updated'  itemprop=\"datePublished\" datetime=\"2026-04-16T14:03:31+01:00\" >16 Aprile 2026<\/time><\/div><\/footer><span class='hidden'>\n\t\t\t\t<span class='av-structured-data'  itemprop=\"image\" itemscope=\"itemscope\" itemtype=\"https:\/\/schema.org\/ImageObject\" >\n\t\t\t\t\t\t<span itemprop='url'>https:\/\/k3fashionsolutions.com\/wp-content\/uploads\/2024\/10\/smart-fabrics-featured.jpg<\/span>\n\t\t\t\t\t\t<span itemprop='height'>510<\/span>\n\t\t\t\t\t\t<span itemprop='width'>900<\/span>\n\t\t\t\t<\/span>\n\t\t\t\t<span class='av-structured-data'  itemprop=\"publisher\" itemtype=\"https:\/\/schema.org\/Organization\" itemscope=\"itemscope\" >\n\t\t\t\t\t\t<span itemprop='name'>timjim<\/span>\n\t\t\t\t\t\t<span itemprop='logo' itemscope itemtype='https:\/\/schema.org\/ImageObject'>\n\t\t\t\t\t\t\t<span itemprop='url'>https:\/\/k3fashionsolutions.com\/wp-content\/uploads\/2024\/12\/K3_Fashion_Solutions_Half-color_RGB.svg<\/span>\n\t\t\t\t\t\t<\/span>\n\t\t\t\t<\/span><span class='av-structured-data'  itemprop=\"author\" itemscope=\"itemscope\" itemtype=\"https:\/\/schema.org\/Person\" ><span itemprop='name'>timjim<\/span><\/span><span class='av-structured-data'  itemprop=\"datePublished\" datetime=\"2025-12-12T10:54:34+00:00\" >2026-04-16 14:03:31<\/span><span class='av-structured-data'  itemprop=\"dateModified\" itemtype=\"https:\/\/schema.org\/dateModified\" >2026-04-23 22:09:48<\/span><span class='av-structured-data'  itemprop=\"mainEntityOfPage\" itemtype=\"https:\/\/schema.org\/mainEntityOfPage\" ><span itemprop='name'>Come il giusto sistema ERP consentir\u00e0 ai marchi di abbigliamento outdoor e athleisure di sfruttare al meglio i tessuti intelligenti<\/span><\/span><\/span><\/article><article class='slide-entry flex_column  post-entry post-entry-7186 slide-entry-overview slide-loop-2 slide-parity-even  av_one_third  real-thumbnail posttype-knowledge post-format-standard'  itemscope=\"itemscope\" itemtype=\"https:\/\/schema.org\/CreativeWork\" ><a href='https:\/\/k3fashionsolutions.com\/it\/centro-di-conoscenza\/il-commercio-allingrosso-di-moda-non-e-morto-ma-si-sta-trasformando\/' data-rel='slide-1' class='slide-image' title='Il commercio all&#8217;ingrosso di moda non \u00e8 morto. Ma si sta trasformando'><img decoding=\"async\" fetchpriority=\"high\" width=\"495\" height=\"400\" src=\"https:\/\/k3fashionsolutions.com\/wp-content\/uploads\/2026\/03\/fashion-wholesale-isnt-dead-featured-495x400.jpg\" class=\"wp-image-7187 avia-img-lazy-loading-not-7187 attachment-portfolio size-portfolio wp-post-image\" alt=\"Fashion wholesale isn\u2019t dead. But it is being rewritten. featured image\" \/><\/a><div class=\"slide-content\"><header class=\"entry-content-header\" aria-label=\"Diapositiva: Il commercio all&#039;ingrosso di moda non \u00e8 morto. Ma si sta trasformando\"><span class=\"blog-categories minor-meta\"><a href=\"https:\/\/k3fashionsolutions.com\/it\/category\/articoli\/\" rel=\"tag\">Articoli<\/a>, <a href=\"https:\/\/k3fashionsolutions.com\/it\/category\/in-evidenza\/\" rel=\"tag\">In evidenza<\/a>  <\/span><h3 class='slide-entry-title entry-title '  itemprop=\"headline\" ><a href='https:\/\/k3fashionsolutions.com\/it\/centro-di-conoscenza\/il-commercio-allingrosso-di-moda-non-e-morto-ma-si-sta-trasformando\/' title='Il commercio all&#8217;ingrosso di moda non \u00e8 morto. Ma si sta trasformando'>Il commercio all&#8217;ingrosso di moda non \u00e8 morto. Ma si sta trasformando<\/a><\/h3><span class=\"av-vertical-delimiter\"><\/span><\/header><div class='slide-entry-excerpt entry-content'  itemprop=\"text\" >Il commercio all'ingrosso nel settore della moda non \u00e8 morto, ma sta cambiando. Scopri come il controllo, la gestione del rischio e la disciplina delle scorte stanno rimodellando il settore all'ingrosso nel 2026<div class=\"read-more-link\"><a href=\"https:\/\/k3fashionsolutions.com\/it\/centro-di-conoscenza\/il-commercio-allingrosso-di-moda-non-e-morto-ma-si-sta-trasformando\/\" class=\"more-link\">Leggi tutto<span class=\"more-link-arrow\"><\/span><\/a><\/div><\/div><\/div><footer class=\"entry-footer\"><div class=\"slide-meta\"><time class='slide-meta-time updated'  itemprop=\"datePublished\" datetime=\"2026-03-26T11:12:54+00:00\" >26 Marzo 2026<\/time><\/div><\/footer><span class='hidden'>\n\t\t\t\t<span class='av-structured-data'  itemprop=\"image\" itemscope=\"itemscope\" itemtype=\"https:\/\/schema.org\/ImageObject\" >\n\t\t\t\t\t\t<span itemprop='url'>https:\/\/k3fashionsolutions.com\/wp-content\/uploads\/2026\/03\/fashion-wholesale-isnt-dead-featured.jpg<\/span>\n\t\t\t\t\t\t<span itemprop='height'>510<\/span>\n\t\t\t\t\t\t<span itemprop='width'>900<\/span>\n\t\t\t\t<\/span>\n\t\t\t\t<span class='av-structured-data'  itemprop=\"publisher\" itemtype=\"https:\/\/schema.org\/Organization\" itemscope=\"itemscope\" >\n\t\t\t\t\t\t<span itemprop='name'>timjim<\/span>\n\t\t\t\t\t\t<span itemprop='logo' itemscope itemtype='https:\/\/schema.org\/ImageObject'>\n\t\t\t\t\t\t\t<span itemprop='url'>https:\/\/k3fashionsolutions.com\/wp-content\/uploads\/2024\/12\/K3_Fashion_Solutions_Half-color_RGB.svg<\/span>\n\t\t\t\t\t\t<\/span>\n\t\t\t\t<\/span><span class='av-structured-data'  itemprop=\"author\" itemscope=\"itemscope\" itemtype=\"https:\/\/schema.org\/Person\" ><span itemprop='name'>timjim<\/span><\/span><span class='av-structured-data'  itemprop=\"datePublished\" datetime=\"2025-12-12T10:54:34+00:00\" >2026-03-26 11:12:54<\/span><span class='av-structured-data'  itemprop=\"dateModified\" itemtype=\"https:\/\/schema.org\/dateModified\" >2026-04-23 22:08:44<\/span><span class='av-structured-data'  itemprop=\"mainEntityOfPage\" itemtype=\"https:\/\/schema.org\/mainEntityOfPage\" ><span itemprop='name'>Il commercio all&#8217;ingrosso di moda non \u00e8 morto. Ma si sta trasformando<\/span><\/span><\/span><\/article><article class='slide-entry flex_column  post-entry post-entry-7188 slide-entry-overview slide-loop-3 slide-parity-odd  post-entry-last  av_one_third  real-thumbnail posttype-knowledge post-format-standard'  itemscope=\"itemscope\" itemtype=\"https:\/\/schema.org\/CreativeWork\" ><a href='https:\/\/k3fashionsolutions.com\/it\/centro-di-conoscenza\/tariffe-guerra-e-una-catena-di-approvvigionamento-interrotta-cosa-sta-realmente-accadendo-nel-mondo-della-moda-in-questo-momento\/' data-rel='slide-1' class='slide-image' title='Tariffe, guerra e una catena di approvvigionamento interrotta: cosa sta realmente accadendo nel mondo della moda in questo momento?'><img decoding=\"async\" fetchpriority=\"high\" width=\"495\" height=\"400\" src=\"https:\/\/k3fashionsolutions.com\/wp-content\/uploads\/2026\/03\/iran-x-tariff-featured-495x400.jpg\" class=\"wp-image-7189 avia-img-lazy-loading-not-7189 attachment-portfolio size-portfolio wp-post-image\" alt=\"Tariffs, war, and a broken supply chain: What\u2019s really happening in fashion right now featured image\" \/><\/a><div class=\"slide-content\"><header class=\"entry-content-header\" aria-label=\"Diapositiva: Tariffe, guerra e una catena di approvvigionamento interrotta: cosa sta realmente accadendo nel mondo della moda in questo momento?\"><span class=\"blog-categories minor-meta\"><a href=\"https:\/\/k3fashionsolutions.com\/it\/category\/articoli\/\" rel=\"tag\">Articoli<\/a>, <a href=\"https:\/\/k3fashionsolutions.com\/it\/category\/in-evidenza\/\" rel=\"tag\">In evidenza<\/a>  <\/span><h3 class='slide-entry-title entry-title '  itemprop=\"headline\" ><a href='https:\/\/k3fashionsolutions.com\/it\/centro-di-conoscenza\/tariffe-guerra-e-una-catena-di-approvvigionamento-interrotta-cosa-sta-realmente-accadendo-nel-mondo-della-moda-in-questo-momento\/' title='Tariffe, guerra e una catena di approvvigionamento interrotta: cosa sta realmente accadendo nel mondo della moda in questo momento?'>Tariffe, guerra e una catena di approvvigionamento interrotta: cosa sta realmente accadendo nel mondo della moda in questo momento?<\/a><\/h3><span class=\"av-vertical-delimiter\"><\/span><\/header><div class='slide-entry-excerpt entry-content'  itemprop=\"text\" >I dazi doganali e la guerra con l'Iran stanno sconvolgendo la catena di approvvigionamento del settore moda, rendendo pi\u00f9 difficile prevedere costi e tempi di consegna. Ecco cosa significa per i team di pianificazione, i margini e il controllo<div class=\"read-more-link\"><a href=\"https:\/\/k3fashionsolutions.com\/it\/centro-di-conoscenza\/tariffe-guerra-e-una-catena-di-approvvigionamento-interrotta-cosa-sta-realmente-accadendo-nel-mondo-della-moda-in-questo-momento\/\" class=\"more-link\">Leggi tutto<span class=\"more-link-arrow\"><\/span><\/a><\/div><\/div><\/div><footer class=\"entry-footer\"><div class=\"slide-meta\"><time class='slide-meta-time updated'  itemprop=\"datePublished\" datetime=\"2026-03-20T10:52:03+00:00\" >20 Marzo 2026<\/time><\/div><\/footer><span class='hidden'>\n\t\t\t\t<span class='av-structured-data'  itemprop=\"image\" itemscope=\"itemscope\" itemtype=\"https:\/\/schema.org\/ImageObject\" >\n\t\t\t\t\t\t<span itemprop='url'>https:\/\/k3fashionsolutions.com\/wp-content\/uploads\/2026\/03\/iran-x-tariff-featured.jpg<\/span>\n\t\t\t\t\t\t<span itemprop='height'>510<\/span>\n\t\t\t\t\t\t<span itemprop='width'>900<\/span>\n\t\t\t\t<\/span>\n\t\t\t\t<span class='av-structured-data'  itemprop=\"publisher\" itemtype=\"https:\/\/schema.org\/Organization\" itemscope=\"itemscope\" >\n\t\t\t\t\t\t<span itemprop='name'>timjim<\/span>\n\t\t\t\t\t\t<span itemprop='logo' itemscope itemtype='https:\/\/schema.org\/ImageObject'>\n\t\t\t\t\t\t\t<span itemprop='url'>https:\/\/k3fashionsolutions.com\/wp-content\/uploads\/2024\/12\/K3_Fashion_Solutions_Half-color_RGB.svg<\/span>\n\t\t\t\t\t\t<\/span>\n\t\t\t\t<\/span><span class='av-structured-data'  itemprop=\"author\" itemscope=\"itemscope\" itemtype=\"https:\/\/schema.org\/Person\" ><span itemprop='name'>timjim<\/span><\/span><span class='av-structured-data'  itemprop=\"datePublished\" datetime=\"2025-12-12T10:54:34+00:00\" >2026-03-20 10:52:03<\/span><span class='av-structured-data'  itemprop=\"dateModified\" itemtype=\"https:\/\/schema.org\/dateModified\" >2026-04-23 22:08:23<\/span><span class='av-structured-data'  itemprop=\"mainEntityOfPage\" itemtype=\"https:\/\/schema.org\/mainEntityOfPage\" ><span itemprop='name'>Tariffe, guerra e una catena di approvvigionamento interrotta: cosa sta realmente accadendo nel mondo della moda in questo momento?<\/span><\/span><\/span><\/article><\/div><\/div><\/div>\n<\/p>\n","protected":false},"excerpt":{"rendered":"<p>La nuova ondata di sostenibilit\u00e0 nel mondo della moda fonde pressioni economiche e cambiamenti culturali. La rivendita \u00e8 in prima linea in questa trasformazione, ma il settore ha ancora bisogno di una struttura ben definita<\/p>\n","protected":false},"featured_media":7208,"menu_order":0,"template":"","format":"standard","meta":{"slim_seo":{"title":"La seconda ondata di sostenibilit\u00e0: perch\u00e9 il ritorno alla responsabilit\u00e0 nel mondo della moda ha un sapore diverso - Fashion-First ERP","description":"La nuova ondata di sostenibilit\u00e0 nel mondo della moda fonde pressioni economiche e cambiamenti culturali. La rivendita \u00e8 in prima linea in questa trasformazione"}},"categories":[102],"tags":[],"class_list":["post-7207","knowledge","type-knowledge","status-publish","format-standard","has-post-thumbnail","hentry","category-articoli"],"_links":{"self":[{"href":"https:\/\/k3fashionsolutions.com\/it\/wp-json\/wp\/v2\/knowledge\/7207","targetHints":{"allow":["GET"]}}],"collection":[{"href":"https:\/\/k3fashionsolutions.com\/it\/wp-json\/wp\/v2\/knowledge"}],"about":[{"href":"https:\/\/k3fashionsolutions.com\/it\/wp-json\/wp\/v2\/types\/knowledge"}],"wp:featuredmedia":[{"embeddable":true,"href":"https:\/\/k3fashionsolutions.com\/it\/wp-json\/wp\/v2\/media\/7208"}],"wp:attachment":[{"href":"https:\/\/k3fashionsolutions.com\/it\/wp-json\/wp\/v2\/media?parent=7207"}],"wp:term":[{"taxonomy":"category","embeddable":true,"href":"https:\/\/k3fashionsolutions.com\/it\/wp-json\/wp\/v2\/categories?post=7207"},{"taxonomy":"post_tag","embeddable":true,"href":"https:\/\/k3fashionsolutions.com\/it\/wp-json\/wp\/v2\/tags?post=7207"}],"curies":[{"name":"wp","href":"https:\/\/api.w.org\/{rel}","templated":true}]}}